{"id":19430,"date":"2022-03-28T17:46:06","date_gmt":"2022-03-28T15:46:06","guid":{"rendered":"https:\/\/ei-design.org\/?page_id=19430"},"modified":"2022-04-05T12:56:33","modified_gmt":"2022-04-05T10:56:33","slug":"call-mdw-2022","status":"publish","type":"page","link":"https:\/\/ei-design.org\/en\/call-mdw-2022\/","title":{"rendered":"Call MDW 2022"},"content":{"rendered":"<div class=\"row\"  id=\"row-1042145661\">\n\n\n\t<div id=\"col-1371865426\" class=\"col medium-10 small-12 large-10\"  >\n\t\t<div class=\"col-inner text-center\" style=\"background-color:rgba(215, 245, 243, 0.66);border-radius:23px;\" >\n\t\t\t\n\t<div class=\"is-border\"\n\t\tstyle=\"border-radius:46px;border-width:0px 0px 0px 0px;margin:0px 0px 0px 0px;\">\n\t<\/div>\n\t\t\t\n\n\t<div class=\"img has-hover x md-x lg-x y md-y lg-y\" id=\"image_1759779321\">\n\t\t\t\t\t\t\t\t<div class=\"img-inner image-cover dark\" style=\"padding-top:72%;margin:10px -1px 3px 0px;\">\n\t\t\t<img width=\"2088\" height=\"1400\" src=\"https:\/\/ei-design.org\/wp-content\/uploads\/2022\/03\/COVER-LINK-INSTAGRAM.jpg\" class=\"attachment-original size-original\" alt=\"\" loading=\"lazy\" srcset=\"https:\/\/ei-design.org\/wp-content\/uploads\/2022\/03\/COVER-LINK-INSTAGRAM.jpg 2088w, https:\/\/ei-design.org\/wp-content\/uploads\/2022\/03\/COVER-LINK-INSTAGRAM-597x400.jpg 597w, https:\/\/ei-design.org\/wp-content\/uploads\/2022\/03\/COVER-LINK-INSTAGRAM-1193x800.jpg 1193w, https:\/\/ei-design.org\/wp-content\/uploads\/2022\/03\/COVER-LINK-INSTAGRAM-768x515.jpg 768w, https:\/\/ei-design.org\/wp-content\/uploads\/2022\/03\/COVER-LINK-INSTAGRAM-1536x1030.jpg 1536w, https:\/\/ei-design.org\/wp-content\/uploads\/2022\/03\/COVER-LINK-INSTAGRAM-2048x1373.jpg 2048w, https:\/\/ei-design.org\/wp-content\/uploads\/2022\/03\/COVER-LINK-INSTAGRAM-16x12.jpg 16w, https:\/\/ei-design.org\/wp-content\/uploads\/2022\/03\/COVER-LINK-INSTAGRAM-1000x670.jpg 1000w\" sizes=\"(max-width: 2088px) 100vw, 2088px\" \/>\t\t\t\t\t\t\n\t\t\t\t\t<\/div>\n\t\t\t\t\t\t\t\t\n<style>\n#image_1759779321 {\n  width: 98%;\n}\n@media (min-width:550px) {\n  #image_1759779321 {\n    width: 100%;\n  }\n}\n<\/style>\n\t<\/div>\n\t\n\n<h4>&nbsp;<\/h4>\n<h2 style=\"text-align: left;\"><span style=\"font-size: 110%;\"><strong><span style=\"background-color: #ffffff; color: #000000;\"><span style=\"background-color: #ffffff;\">1.iDesign MDW III Edici\u00f3n<\/span><\/span><\/strong><\/span><\/h2>\n<div style=\"text-align: left;\"><span style=\"color: #54aacc; font-size: 100%;\">El pr\u00f3ximo mes de Junio con motivo de <strong>Mil\u00e1n Design Week<\/strong> estaremos presentes de nuevo y por primera vez despu\u00e9s de la emergencia COVID, con una nueva exposici\u00f3n de Arte y Dise\u00f1o, la \u00fanica en la ciudad de Mil\u00e1n que por tercer a\u00f1o consecutivo reunir\u00e1 de nuevo a dise\u00f1adores, estudios y artistas independientes Espa\u00f1oles, Latinoamericanos e Italianos, con exposici\u00f3n y venta de sus productos durante 7 d\u00edas. <strong>Nuestro objetivo?<\/strong> ofrecer a los participantes la posibilidad de introducir sus creaciones compartiendo recursos, en uno de los eventos m\u00e1s importantes del mundo; <strong>Mil\u00e1n Design Week<\/strong>. As\u00ed como ofrecer a profesionales y apasionados dentro del mundo del dise\u00f1o a descubrir productos exclusivos, con un hilo conductor ligado particularmente a la cultura mediterr\u00e1nea dentro de un contexto innovativo, co<span style=\"color: #54aacc;\">nte<\/span>mpor\u00e1neo y experimental.<\/span><\/div>\n<div style=\"text-align: center;\">&nbsp;<\/div>\n<h3 style=\"text-align: center;\"><span style=\"font-size: 100%;\"><strong><span style=\"color: #54aacc;\">INFO<\/span><\/strong><\/span><\/h3>\n<div style=\"text-align: center;\"><span style=\"color: #54aacc; font-size: 90%;\">Fecha apertura | 07- 12 Junio 2022 <\/span><\/div>\n<div style=\"text-align: center;\"><span style=\"color: #54aacc; font-size: 90%;\">Horario | 10:00am a 20:00pm<\/span><\/div>\n<div style=\"text-align: center;\"><span style=\"color: #54aacc; font-size: 90%;\">Ingreso gratuito <\/span><\/div>\n<div style=\"text-align: center;\"><span style=\"color: #54aacc; font-size: 90%;\">Localizaci\u00f3n | Via Guglielmo Pepe 36. ISOLA, Milano <\/span><\/div>\n<div style=\"text-align: center;\"><span style=\"color: #54aacc; font-size: 90%;\">Circuito Fuorisalone Milano<\/span><\/div>\n<div>\n<div>&nbsp;<\/div>\n<div>\n<div>\n<div><hr><\/div>\n<\/div>\n<h2 style=\"text-align: left;\"><strong style=\"font-size: 110%;\"><span style=\"background-color: #ffffff; color: #000000;\">2.Gu\u00eda General<\/span><\/strong><\/h2>\n<\/div>\n<\/div>\n<div style=\"text-align: left;\"><span style=\"color: #54aacc; font-size: 100%;\"><strong>EIDESIGN MIL\u00c1N DESIGN WEEK<\/strong>_ es una iniciativa de eiDesign que nace en el a\u00f1o 2018 para dar soporte y visibilidad al dise\u00f1o independiente Italo-hispano dentro del mundo del Dise\u00f1o y Artes aplicadas durante MDW. El pr\u00f3ximo mes de Junio 2022 eiDesign celebrar\u00e1 su III Edici\u00f3n en el marco de MDW participando con una exposici\u00f3n ubicada de nuevo en el \u00e1rea del Fuorisalone de Mil\u00e1n.<\/span><\/div>\n<div style=\"text-align: left;\">&nbsp;<\/div>\n<div style=\"text-align: left;\"><span style=\"color: #54aacc; font-size: 100%;\"><strong>QUI\u00c9N PUEDE PARTICIPAR<\/strong>_ dirigido a marcas, estudios, artistas y\/o dise\u00f1adores independientes dentro del mundo del dise\u00f1o y\/o artes aplicadas que tengan una conexi\u00f3n territo<span style=\"color: #54aacc;\">rial o d<\/span>e \u201corigen\u201d con Espa\u00f1a, Latinoamerica o Italia. Participar\u00e1n aquellos creadores que seleccionar\u00e1 eiDesign entre las candidaturas recibidas hasta final de plazas existentes.<\/span><\/div>\n<div>&nbsp;<\/div>\n<div style=\"text-align: left;\"><span style=\"color: #54aacc; font-size: 100%;\"><strong>CU\u00c1NDO<\/strong>_Durante la Semana del Dise\u00f1o de Mil\u00e1n del 07 al 12 de Junio 2022 durante 7 d\u00edas de 10:00am a 20:00 pm todos los d\u00edas, donde los participantes podr\u00e1n exponer y vender sus creaciones.<\/span><\/div>\n<div style=\"text-align: left;\">&nbsp;<\/div>\n<div style=\"text-align: left;\"><span style=\"color: #54aacc; font-size: 100%;\"><strong>D\u00d3NDE<\/strong>_Estudio de Arte P36, ubicado en Zo<span style=\"color: #54aacc;\">na ISO<\/span>LA, Milano.&nbsp;<\/span><\/div>\n<p>&nbsp;<\/p>\n<hr>\n<div>\n<h2 style=\"text-align: left;\"><span style=\"font-size: 110%;\"><strong><span style=\"background-color: #ffffff; color: #000000;\"><span style=\"background-color: #ffffff;\">3.Localizaci\u00f3n<\/span><\/span><\/strong><\/span><\/h2>\n<\/div>\n<div style=\"text-align: left;\"><span style=\"font-size: 100%; color: #54aacc;\">Estudio de arte ubicado en un elegante contexto residencial en el distrito de <strong>ISOLA <\/strong>Via Guglielmo Pepe 36. Su situaci\u00f3n es muy estrat\u00e9gica porque se encuentra a muy pocos pasos entre la parada de metro Porta Garibaldi y la parada de metro Isola. El estudio es muy luminoso y aireado, cuenta con 55 metros cuadrados y se encuentra en una planta baja en un contexto t\u00edpicamente milan\u00e9s. El espacio se caracteriza, por un lado, por los grandes ventanales (que pueden abrirse completamente) y que dialogan con el patio interior. Sus caracter\u00edsticas la hacen ideal para exposiciones, sesiones fotogr\u00e1ficas y eventos durante Mil\u00e1n Design Week.<\/span><\/div>\n<div>&nbsp;<\/div>\n<div><a href=\"https:\/\/ei-design.org\/wp-content\/uploads\/2022\/03\/mosaico.png\"><img loading=\"lazy\" class=\"aligncenter wp-image-25864 size-full\" src=\"https:\/\/ei-design.org\/wp-content\/uploads\/2022\/03\/mosaico.png\" alt=\"\" width=\"928\" height=\"1976\" srcset=\"https:\/\/ei-design.org\/wp-content\/uploads\/2022\/03\/mosaico.png 928w, https:\/\/ei-design.org\/wp-content\/uploads\/2022\/03\/mosaico-188x400.png 188w, https:\/\/ei-design.org\/wp-content\/uploads\/2022\/03\/mosaico-376x800.png 376w, https:\/\/ei-design.org\/wp-content\/uploads\/2022\/03\/mosaico-768x1635.png 768w, https:\/\/ei-design.org\/wp-content\/uploads\/2022\/03\/mosaico-721x1536.png 721w, https:\/\/ei-design.org\/wp-content\/uploads\/2022\/03\/mosaico-6x12.png 6w\" sizes=\"(max-width: 928px) 100vw, 928px\" \/><\/a><\/div>\n<div><hr><\/div>\n<h2 style=\"text-align: left;\"><strong style=\"font-size: 110%;\"><span style=\"background-color: #ffffff; color: #000000;\">4.Que ofrecemos<\/span><\/strong><\/h2>\n<div>\n<h3 style=\"text-align: left;\"><span style=\"color: #54aacc;\"><strong>Exposici\u00f3n (evento f\u00cdsico)<\/strong><\/span><\/h3>\n<ul>\n<li style=\"text-align: left;\"><span style=\"font-size: 100%; color: #54aacc;\"><strong>Brand identity \/ concept<\/strong>, espacio personalizado exclusivamente por eiDesign para la presente edici\u00f3n. <\/span><\/li>\n<li style=\"text-align: left;\"><span style=\"font-size: 100%; color: #54aacc;\"><strong>Organizaci\u00f3n,montaje y desmontaje<\/strong>, excluidos env\u00edo y recogida de los productos, a cargo de cada participante. <\/span><\/li>\n<li style=\"text-align: left;\"><span style=\"font-size: 100%; color: #54aacc;\"><strong>Atenci\u00f3n al cliente y gesti\u00f3n de ventas<\/strong>, transacciones y facturaci\u00f3n tambi\u00e9n a trav\u00e9s de eiDesign. <\/span><\/li>\n<li style=\"text-align: left;\"><span style=\"font-size: 100%; color: #54aacc;\"><strong>Mantenimiento<\/strong>, eiDesign se encargar\u00e1 de la disposici\u00f3n en el espacio de cada uno de los productos as\u00ed como de mantener y modificar la imagen de la exposici\u00f3n durante la semana cuando lo retenga oportuno. <\/span><\/li>\n<li style=\"text-align: left;\"><span style=\"font-size: 100%; color: #54aacc;\"><strong>Personalizaci\u00f3n<\/strong>, cada participante tendr\u00e1 un display informativo personalizado en su espacio. <\/span><\/li>\n<li style=\"text-align: left;\"><span style=\"font-size: 100%; color: #54aacc;\"><strong>Eventos exposici\u00f3n<\/strong>, se realizar\u00e1n dos eventos durante la semana.<\/span><\/li>\n<\/ul>\n<p>&nbsp;<\/p>\n<h3 style=\"text-align: left;\"><span style=\"color: #54aacc;\"><strong>Comunicaci\u00f3n (evento digital)<\/strong><\/span><\/h3>\n<ul>\n<li style=\"text-align: left;\"><span style=\"font-size: 100%; color: #54aacc;\"><strong>Inscripci\u00f3n anual<\/strong> a nuestra plataforma digital, eiDesign Network, Plan Basic. <\/span><\/li>\n<li style=\"text-align: left;\"><span style=\"font-size: 100%; color: #54aacc;\"><strong>Promoci\u00f3n evento<\/strong> \u201ceiDesign Exhibition MDW\u201d online &amp; offline a trav\u00e9s de nuestros canales social media. <\/span><\/li>\n<li style=\"text-align: left;\"><span style=\"font-size: 100%; color: #54aacc;\"><strong>Promoci\u00f3n participantes<\/strong> en art\u00edculo dedicado a \u201ceiDesign Exhibition MDW\u201d en nuestro magazine online. <\/span><\/li>\n<li style=\"text-align: left;\"><span style=\"font-size: 100%; color: #54aacc;\"><strong>Social media<\/strong>, 3 story +1 Post a cada participante a trav\u00e9s de nuestros canales social media. <\/span><\/li>\n<li style=\"text-align: left;\"><span style=\"font-size: 100%; color: #54aacc;\"><strong>1 Video entrevista \u201cMeet designer\u201d<\/strong> y posterior difusi\u00f3n a trav\u00e9s de nuestros canales social media. Fotograf\u00edas de producto y video durante \u201ceiDesign Exhibition MDW\u201d. <\/span><\/li>\n<li style=\"text-align: left;\"><span style=\"font-size: 100%; color: #54aacc;\"><strong>Mapa distrito, <\/strong>inclusi\u00f3n de \u201ceiDesing Exhibition MDW\u201d dentro del circuito Isola Design District.<\/span><\/li>\n<\/ul>\n<\/div>\n<p>&nbsp;<\/p>\n<hr>\n<h2 style=\"text-align: left;\"><span style=\"font-size: 110%;\"><strong><span style=\"background-color: #ffffff; color: #000000;\"><span style=\"background-color: #ffffff;\">5.Que necesitamos de ti<\/span><\/span><\/strong><\/span><\/h2>\n<ul>\n<li style=\"text-align: left;\"><span style=\"font-size: 100%; color: #54aacc;\"><strong>Asistencia a la exposici\u00f3n<\/strong>_Cada participante (si lo prefiere) tiene la posibilidad de estar presente de forma per- manenete en el espacio durante 1 d\u00eda, que ser\u00e1 asignado previamente seg\u00fan disponibilidad de cada uno de los miembros participantes. El objetivo es crear una rotaci\u00f3n de asistencia para evitar aglomeraciones de personal durante la apertura. eiDesign se ecargar\u00e1 de realizar el montaje y desmontaje de los productos, salvo que el participante en cuesti\u00f3n prefiera hacerlo por s\u00ed mismo. \u201cEn el caso de que no puedas asistir ser\u00e1 suficiente nos envies tu producto y nosotros nos encargaremos de todo\u201d<\/span><\/li>\n<li style=\"text-align: left;\"><span style=\"font-size: 100%; color: #54aacc;\"><strong>Stock y material de comunicaci\u00f3n<\/strong>_Se requiere a los participantes que envien junto al producto material de comunicaci\u00f3n suficiente para su promoci\u00f3n durante la semana ( targetas de visita, displays promocionales del producto, brochures) aconsejamos que sea todo en Ingl\u00e9s.<\/span><\/li>\n<li style=\"text-align: left;\"><span style=\"font-size: 100%; color: #54aacc;\"><strong>Log\u00edstica<\/strong>, env\u00edo y recogida del producto_ El env\u00edo y la recogida del producto ser\u00e1 a cargo de cada participante que deber\u00e1 realizarlo dentro del plazo y a la direcci\u00f3n que le ser\u00e1 indicada, activando la recogida con su propia agencia de transportes. eiDesign se encargar\u00e1 de embalar cada producto y dejarlo preparado para su entrega una vez finalizada la exposici\u00f3n.<\/span><\/li>\n<li style=\"text-align: left;\"><span style=\"font-size: 100%; color: #54aacc;\"><strong>Promoci\u00f3n<\/strong> del evento por parte de los participantes_Sugerimos a los participantes compartir la comunicaci\u00f3n que lanzar\u00e1 eiDesign, a trav\u00e9s de sus canales. El objetivo es aprovechar nuestro alcance unido, ampliando audien- cias, generando ventas y clientes potenciales.<\/span><\/li>\n<\/ul>\n<p>&nbsp;<\/p>\n<hr>\n<h2 style=\"text-align: left;\"><span style=\"font-size: 110%;\"><strong><span style=\"background-color: #ffffff; color: #000000;\"><span style=\"background-color: #ffffff;\">5.Costes<\/span><\/span><\/strong><\/span><\/h2>\n<p style=\"text-align: left;\"><span style=\"font-size: 100%; font-family: Helvetica;\"><strong><span style=\"color: #54aacc;\">TARIFA DE PARTICIPACI\u00d3N <\/span><\/strong><\/span><\/p>\n<p style=\"text-align: left;\"><span style=\"font-size: 100%; color: #54aacc; font-family: Helvetica;\">Exposici\u00f3n 1m2 &#8230;&#8230;&#8230;&#8230;&#8230;&#8230;&#8230;..<strong> 390\u20ac (exento de IVA) <\/strong><\/span><\/p>\n<p style=\"text-align: left;\"><span style=\"font-size: 100%; color: #54aacc; font-family: Helvetica;\">Exposici\u00f3n 2m2&#8230;&#8230;&#8230;&#8230;&#8230;&#8230;&#8230;&#8230;.<strong>720\u20ac (exento de IVA) <\/strong><\/span><\/p>\n<p style=\"text-align: left;\"><span style=\"font-size: 100%; color: #54aacc; font-family: Helvetica;\">(Evento digital &amp; Comunicaci\u00f3n incluidos) <\/span><\/p>\n<p style=\"text-align: left;\"><span style=\"font-size: 100%; color: #54aacc; font-family: Helvetica;\">eiDesign obtendr\u00e1 un 15% de comisi\u00f3n sobre las ventas. (Porcentual por pagos con targeta de cr\u00e9dito se descontar\u00e1n a cada dise\u00f1ador)<\/span><\/p>\n<p style=\"text-align: left;\"><span style=\"font-size: 100%; font-family: Helvetica;\"><strong><span style=\"color: #54aacc;\"> MODALIDAD DE PAGO <\/span><\/strong><\/span><\/p>\n<p style=\"text-align: left;\"><span style=\"font-size: 100%; color: #54aacc; font-family: Helvetica;\">100% para reserva en el momento de la confirma a trav\u00e9s de transferencia bancaria. (gastos por comisiones de transferencias a cargo del participante)&nbsp;<\/span><\/p>\n<p style=\"text-align: left;\"><span style=\"font-size: 100%; font-family: Helvetica;\"><strong><span style=\"color: #54aacc;\">EXCEPCI\u00d3N COVID <\/span><\/strong><\/span><\/p>\n<p style=\"text-align: left;\"><span style=\"font-size: 100%; color: #54aacc; font-family: Helvetica;\">En el caso de que MDW cancelara los eventos f\u00edsicos por motivo COVID, eiDesign realizar\u00e1 el evento digitalmente del 07 al 12 de Junio 2022 . Evento digital referenciado precedentemente en el presente dossier en el apartado <strong>\u201c4.Que ofrecemos \/ Evento digital y comunicaci\u00f3n\u201d<\/strong>. Siendo restituido el importe de la inscripci\u00f3n a cada uno de los participantes menos los costes relativos al evento digital por un total de <strong>180\u20ac (esento de iva).<\/strong><\/span><\/p>\n<p>&nbsp;<\/p>\n<h3 style=\"text-align: center;\"><span style=\"color: #000000; background-color: #ffffff; font-size: 85%;\"><strong>FECHA L\u00cdMITE PARA INSCRIPCIONES HASTA 15 ABRIL 2022<\/strong><\/span><\/h3>\n<p>&nbsp;<\/p>\n<a href=\"https:\/\/ei-design.org\/en\/contacts-mdw\/\" target=\"_self\" class=\"button primary is-large\"  style=\"border-radius:29px;padding:0px 8 0px 0px;\">\n    <span>APPLY HERE<\/span>\n  <\/a>\n\n\n\n\t\t<\/div>\n\t\t\n<style>\n#col-1371865426 > .col-inner {\n  padding: 9px 14px 33px 11px;\n  margin: 6px 29px -15px 1px;\n}\n@media (min-width:550px) {\n  #col-1371865426 > .col-inner {\n    padding: 25px 18px 39px 16px;\n    margin: 27px 26px -13px 100px;\n  }\n}\n<\/style>\n\t<\/div>\n\n\t\n\n<\/div>\n<div class=\"is-divider divider clearfix\" style=\"margin-top:2.0em;margin-bottom:2.0em;max-width:0px;height:50px;\"><\/div>","protected":false},"excerpt":{"rendered":"","protected":false},"author":8,"featured_media":0,"parent":0,"menu_order":0,"comment_status":"closed","ping_status":"closed","template":"page-blank.php","meta":[],"_links":{"self":[{"href":"https:\/\/ei-design.org\/en\/wp-json\/wp\/v2\/pages\/19430"}],"collection":[{"href":"https:\/\/ei-design.org\/en\/wp-json\/wp\/v2\/pages"}],"about":[{"href":"https:\/\/ei-design.org\/en\/wp-json\/wp\/v2\/types\/page"}],"author":[{"embeddable":true,"href":"https:\/\/ei-design.org\/en\/wp-json\/wp\/v2\/users\/8"}],"replies":[{"embeddable":true,"href":"https:\/\/ei-design.org\/en\/wp-json\/wp\/v2\/comments?post=19430"}],"version-history":[{"count":84,"href":"https:\/\/ei-design.org\/en\/wp-json\/wp\/v2\/pages\/19430\/revisions"}],"predecessor-version":[{"id":26006,"href":"https:\/\/ei-design.org\/en\/wp-json\/wp\/v2\/pages\/19430\/revisions\/26006"}],"wp:attachment":[{"href":"https:\/\/ei-design.org\/en\/wp-json\/wp\/v2\/media?parent=19430"}],"curies":[{"name":"wp","href":"https:\/\/api.w.org\/{rel}","templated":true}]}}